{"id":15,"date":"2014-04-15T16:15:26","date_gmt":"2014-04-15T16:15:26","guid":{"rendered":"http:\/\/trachtengruppe-frohsinn.de\/?page_id=15"},"modified":"2014-05-07T09:21:20","modified_gmt":"2014-05-07T07:21:20","slug":"tracht","status":"publish","type":"page","link":"http:\/\/trachtengruppe-frohsinn.de\/?page_id=15","title":{"rendered":"Tracht"},"content":{"rendered":"<p>Die Frauen tragen die katholische Festtagstracht der Baar. Eine Besonderheit ist das\u00a0 samtbestickte Oberteil, das mit heimischen Blumenmotiven aus Silber- oder Goldf\u00e4den geschm\u00fcckt ist.<\/p>\n<p><a href=\"http:\/\/trachtengruppe-frohsinn.de\/wp-content\/uploads\/2014\/05\/IMG_4432.jpg\" target=\"_blank\"><img loading=\"lazy\" decoding=\"async\" class=\" wp-image-171 alignleft\" alt=\"Mieder Vordersteite\" src=\"http:\/\/trachtengruppe-frohsinn.de\/wp-content\/uploads\/2014\/05\/IMG_4432-300x199.jpg\" width=\"194\" height=\"129\" srcset=\"http:\/\/trachtengruppe-frohsinn.de\/wp-content\/uploads\/2014\/05\/IMG_4432-300x199.jpg 300w, http:\/\/trachtengruppe-frohsinn.de\/wp-content\/uploads\/2014\/05\/IMG_4432-1024x681.jpg 1024w, http:\/\/trachtengruppe-frohsinn.de\/wp-content\/uploads\/2014\/05\/IMG_4432-960x639.jpg 960w\" sizes=\"auto, (max-width: 194px) 100vw, 194px\" \/><\/a><a href=\"http:\/\/trachtengruppe-frohsinn.de\/wp-content\/uploads\/2014\/05\/IMG_4409.jpg\" target=\"_blank\"><img loading=\"lazy\" decoding=\"async\" class=\" wp-image-170 alignleft\" alt=\"Mieder R\u00fcckseite\" src=\"http:\/\/trachtengruppe-frohsinn.de\/wp-content\/uploads\/2014\/05\/IMG_4409-300x199.jpg\" width=\"194\" height=\"129\" srcset=\"http:\/\/trachtengruppe-frohsinn.de\/wp-content\/uploads\/2014\/05\/IMG_4409-300x199.jpg 300w, http:\/\/trachtengruppe-frohsinn.de\/wp-content\/uploads\/2014\/05\/IMG_4409-1024x681.jpg 1024w, http:\/\/trachtengruppe-frohsinn.de\/wp-content\/uploads\/2014\/05\/IMG_4409-960x639.jpg 960w\" sizes=\"auto, (max-width: 194px) 100vw, 194px\" \/><\/a><a href=\"http:\/\/trachtengruppe-frohsinn.de\/wp-content\/uploads\/2014\/05\/IMG_4408.jpg\" target=\"_blank\"><img loading=\"lazy\" decoding=\"async\" class=\"wp-image-169 alignleft\" alt=\"Vorstecker\" src=\"http:\/\/trachtengruppe-frohsinn.de\/wp-content\/uploads\/2014\/05\/IMG_4408-199x300.jpg\" width=\"114\" height=\"173\" \/><\/a><\/p>\n<p>&nbsp;<\/p>\n<p>&nbsp;<\/p>\n<p>&nbsp;<\/p>\n<p>Alleine f\u00fcr das Sticken des Mieders und des sogenannten Gollers braucht es eine Arbeitszeit von ca. 300 Stunden, wir sind ganz besonders stolz darauf, dass alle Trachten auch heute noch handgestickt sind.<\/p>\n<p><a href=\"http:\/\/trachtengruppe-frohsinn.de\/wp-content\/uploads\/2014\/04\/IMG_4410.jpg\" target=\"_blank\"><img loading=\"lazy\" decoding=\"async\" class=\"wp-image-158 alignleft\" alt=\"B\u00e4ndelkappe\" src=\"http:\/\/trachtengruppe-frohsinn.de\/wp-content\/uploads\/2014\/04\/IMG_4410-150x150.jpg\" width=\"150\" height=\"150\" \/><\/a>Den Kopf bedeckt die \u201eB\u00e4ndelkappe\u201c, auch Backenhaube genannt mit einem bestickten Kappenbl\u00e4tz und bis zum Rocksaum reichenden B\u00e4ndern. Neben einer wei\u00dfen Bluse, den langen schwarzen Rock und einer Sch\u00fcrze aus Schillerseide vervollst\u00e4ndigen<b> <\/b>schwarze Halbschuhe, wei\u00dfe Str\u00fcmpfe und die \u201eHandele\u201c (langeselbstgestrickte Handschuhe ohne Fingerspitzen) das Bild der Frauentracht.<\/p>\n<p><a href=\"http:\/\/trachtengruppe-frohsinn.de\/wp-content\/uploads\/2014\/04\/IMGP2992_Zuschnitt.jpg\" target=\"_blank\"><img loading=\"lazy\" decoding=\"async\" class=\"wp-image-154 alignleft\" alt=\"Burschentracht\" src=\"http:\/\/trachtengruppe-frohsinn.de\/wp-content\/uploads\/2014\/04\/IMGP2992_Zuschnitt-115x300.jpg\" width=\"115\" height=\"300\" srcset=\"http:\/\/trachtengruppe-frohsinn.de\/wp-content\/uploads\/2014\/04\/IMGP2992_Zuschnitt-115x300.jpg 115w, http:\/\/trachtengruppe-frohsinn.de\/wp-content\/uploads\/2014\/04\/IMGP2992_Zuschnitt-394x1024.jpg 394w, http:\/\/trachtengruppe-frohsinn.de\/wp-content\/uploads\/2014\/04\/IMGP2992_Zuschnitt-960x2493.jpg 960w, http:\/\/trachtengruppe-frohsinn.de\/wp-content\/uploads\/2014\/04\/IMGP2992_Zuschnitt.jpg 1167w\" sizes=\"auto, (max-width: 115px) 100vw, 115px\" \/><\/a>Die Burschen sind in der Werktagstracht zu sehen. Dazu geh\u00f6ren eine schwarze Lederhose, ein wei\u00dfes Leinenhemd, das rote Gillet und eine gr\u00fcne Jacke. Eine Besonderheit ist die Kopfbedeckung, die sogenannte Pelzkappe. Ein Relikt aus fr\u00fcheren Jahren, als jeder Bauernbursche einmal im Jahr ein heimisches Pelztier erlegen durfte und sich daraus f\u00fcr alle sichtbar eine Pelzkappe herstellen lie\u00df.<\/p>\n","protected":false},"excerpt":{"rendered":"<p>Die Frauen tragen die katholische Festtagstracht der Baar. Eine Besonderheit ist das\u00a0 samtbestickte Oberteil, das mit heimischen Blumenmotiven aus Silber- oder Goldf\u00e4den geschm\u00fcckt ist. &nbsp; &nbsp; &nbsp; Alleine f\u00fcr das Sticken des Mieders und des sogenannten Gollers braucht es eine Arbeitszeit von ca. 300 Stunden, wir sind ganz besonders stolz darauf, dass alle Trachten auch <a class=\"read-more\" href=\"http:\/\/trachtengruppe-frohsinn.de\/?page_id=15\">... weiterlesen <span class=\"meta-nav\">&rarr;<\/span><\/a><\/p>\n","protected":false},"author":1,"featured_media":0,"parent":0,"menu_order":3,"comment_status":"closed","ping_status":"closed","template":"","meta":{"ngg_post_thumbnail":0,"footnotes":""},"class_list":["post-15","page","type-page","status-publish","hentry"],"_links":{"self":[{"href":"http:\/\/trachtengruppe-frohsinn.de\/index.php?rest_route=\/wp\/v2\/pages\/15","targetHints":{"allow":["GET"]}}],"collection":[{"href":"http:\/\/trachtengruppe-frohsinn.de\/index.php?rest_route=\/wp\/v2\/pages"}],"about":[{"href":"http:\/\/trachtengruppe-frohsinn.de\/index.php?rest_route=\/wp\/v2\/types\/page"}],"author":[{"embeddable":true,"href":"http:\/\/trachtengruppe-frohsinn.de\/index.php?rest_route=\/wp\/v2\/users\/1"}],"replies":[{"embeddable":true,"href":"http:\/\/trachtengruppe-frohsinn.de\/index.php?rest_route=%2Fwp%2Fv2%2Fcomments&post=15"}],"version-history":[{"count":20,"href":"http:\/\/trachtengruppe-frohsinn.de\/index.php?rest_route=\/wp\/v2\/pages\/15\/revisions"}],"predecessor-version":[{"id":180,"href":"http:\/\/trachtengruppe-frohsinn.de\/index.php?rest_route=\/wp\/v2\/pages\/15\/revisions\/180"}],"wp:attachment":[{"href":"http:\/\/trachtengruppe-frohsinn.de\/index.php?rest_route=%2Fwp%2Fv2%2Fmedia&parent=15"}],"curies":[{"name":"wp","href":"https:\/\/api.w.org\/{rel}","templated":true}]}}